{"id":403,"date":"2023-05-03T15:07:04","date_gmt":"2023-05-03T13:07:04","guid":{"rendered":"https:\/\/workation-mallorca.events\/?page_id=403"},"modified":"2026-02-10T19:59:20","modified_gmt":"2026-02-10T18:59:20","slug":"services","status":"publish","type":"page","link":"https:\/\/workation-mallorca.es\/es\/angebot\/services\/","title":{"rendered":"Servicios"},"content":{"rendered":"<div data-elementor-type=\"wp-page\" data-elementor-id=\"403\" class=\"elementor elementor-403\">\n\t\t\t\t\t\t<section class=\"elementor-section elementor-top-section elementor-element elementor-element-780ff5f6 elementor-section-height-min-height elementor-reverse-mobile elementor-section-boxed elementor-section-height-default elementor-section-items-middle\" data-id=\"780ff5f6\" data-element_type=\"section\" data-e-type=\"section\" data-settings=\"{&quot;background_background&quot;:&quot;classic&quot;}\">\n\t\t\t\t\t\t<div class=\"elementor-container elementor-column-gap-default\">\n\t\t\t\t\t<div class=\"elementor-column elementor-col-100 elementor-top-column elementor-element elementor-element-5061c1da\" data-id=\"5061c1da\" data-element_type=\"column\" data-e-type=\"column\" data-settings=\"{&quot;background_background&quot;:&quot;classic&quot;}\">\n\t\t\t<div class=\"elementor-widget-wrap elementor-element-populated\">\n\t\t\t\t\t\t<div class=\"elementor-element elementor-element-00f9ab0 elementor-widget elementor-widget-heading\" data-id=\"00f9ab0\" data-element_type=\"widget\" data-e-type=\"widget\" data-widget_type=\"heading.default\">\n\t\t\t\t<div class=\"elementor-widget-container\">\n\t\t\t\t\t<h3 class=\"elementor-heading-title elementor-size-default\">Lugar, catering, programa de apoyo,...<\/h3>\t\t\t\t<\/div>\n\t\t\t\t<\/div>\n\t\t\t\t<div class=\"elementor-element elementor-element-3c0c0a70 elementor-widget elementor-widget-heading\" data-id=\"3c0c0a70\" data-element_type=\"widget\" data-e-type=\"widget\" data-widget_type=\"heading.default\">\n\t\t\t\t<div class=\"elementor-widget-container\">\n\t\t\t\t\t<h1 class=\"elementor-heading-title elementor-size-default\">Quiere un servicio completo in situ?<\/h1>\t\t\t\t<\/div>\n\t\t\t\t<\/div>\n\t\t\t\t<div class=\"elementor-element elementor-element-4121c832 elementor-widget elementor-widget-text-editor\" data-id=\"4121c832\" data-element_type=\"widget\" data-e-type=\"widget\" data-widget_type=\"text-editor.default\">\n\t\t\t\t<div class=\"elementor-widget-container\">\n\t\t\t\t\t\t\t\t\t<p>Demasiados detalles en los que pensar? Quiere que al final todo salga a pedir de boca? Obtenga el apoyo de profesionales para la organizaci\u00f3n de su evento en Mallorca.<\/p>\t\t\t\t\t\t\t\t<\/div>\n\t\t\t\t<\/div>\n\t\t\t\t<div class=\"elementor-element elementor-element-58f5d910 elementor-align-left elementor-widget elementor-widget-button\" data-id=\"58f5d910\" data-element_type=\"widget\" data-e-type=\"widget\" data-widget_type=\"button.default\">\n\t\t\t\t<div class=\"elementor-widget-container\">\n\t\t\t\t\t\t\t\t\t<div class=\"elementor-button-wrapper\">\n\t\t\t\t\t<a class=\"elementor-button elementor-button-link elementor-size-sm elementor-animation-grow\" href=\"https:\/\/workation-mallorca.es\/es\/kontakt\/\" target=\"_blank\">\n\t\t\t\t\t\t<span class=\"elementor-button-content-wrapper\">\n\t\t\t\t\t\t\t\t\t<span class=\"elementor-button-text\">Obtenga ahora asesoramiento sin compromiso<\/span>\n\t\t\t\t\t<\/span>\n\t\t\t\t\t<\/a>\n\t\t\t\t<\/div>\n\t\t\t\t\t\t\t\t<\/div>\n\t\t\t\t<\/div>\n\t\t\t\t\t<\/div>\n\t\t<\/div>\n\t\t\t\t\t<\/div>\n\t\t<\/section>\n\t\t\t\t<section class=\"elementor-section elementor-top-section elementor-element elementor-element-61bfa228 elementor-section-boxed elementor-section-height-default elementor-section-height-default\" data-id=\"61bfa228\" data-element_type=\"section\" data-e-type=\"section\" data-settings=\"{&quot;background_background&quot;:&quot;classic&quot;}\">\n\t\t\t\t\t\t<div class=\"elementor-container elementor-column-gap-default\">\n\t\t\t\t\t<div class=\"elementor-column elementor-col-100 elementor-top-column elementor-element elementor-element-1bd6d1b8\" data-id=\"1bd6d1b8\" data-element_type=\"column\" data-e-type=\"column\">\n\t\t\t<div class=\"elementor-widget-wrap elementor-element-populated\">\n\t\t\t\t\t\t<div class=\"elementor-element elementor-element-3916220e elementor-widget elementor-widget-heading\" data-id=\"3916220e\" data-element_type=\"widget\" data-e-type=\"widget\" data-widget_type=\"heading.default\">\n\t\t\t\t<div class=\"elementor-widget-container\">\n\t\t\t\t\t<h2 class=\"elementor-heading-title elementor-size-default\">Servicios perfectos<\/h2>\t\t\t\t<\/div>\n\t\t\t\t<\/div>\n\t\t\t\t<div class=\"elementor-element elementor-element-6ddc61f elementor-widget elementor-widget-heading\" data-id=\"6ddc61f\" data-element_type=\"widget\" data-e-type=\"widget\" data-widget_type=\"heading.default\">\n\t\t\t\t<div class=\"elementor-widget-container\">\n\t\t\t\t\t<h3 class=\"elementor-heading-title elementor-size-default\">Qu\u00e9 servicios necesita para su evento corporativo en Mallorca?<\/h3>\t\t\t\t<\/div>\n\t\t\t\t<\/div>\n\t\t\t\t\t<\/div>\n\t\t<\/div>\n\t\t\t\t\t<\/div>\n\t\t<\/section>\n\t\t\t\t<section class=\"elementor-section elementor-top-section elementor-element elementor-element-2451e4f2 elementor-section-content-middle elementor-reverse-mobile elementor-section-boxed elementor-section-height-default elementor-section-height-default\" data-id=\"2451e4f2\" data-element_type=\"section\" data-e-type=\"section\">\n\t\t\t\t\t\t<div class=\"elementor-container elementor-column-gap-no\">\n\t\t\t\t\t<div class=\"elementor-column elementor-col-50 elementor-top-column elementor-element elementor-element-25b7201\" data-id=\"25b7201\" data-element_type=\"column\" data-e-type=\"column\">\n\t\t\t<div class=\"elementor-widget-wrap elementor-element-populated\">\n\t\t\t\t\t\t<div class=\"elementor-element elementor-element-661ecc9a elementor-widget elementor-widget-heading\" data-id=\"661ecc9a\" data-element_type=\"widget\" data-e-type=\"widget\" data-widget_type=\"heading.default\">\n\t\t\t\t<div class=\"elementor-widget-container\">\n\t\t\t\t\t<h4 class=\"elementor-heading-title elementor-size-default\"><a href=\"https:\/\/workation-mallorca.es\/es\/kontakt\/\">Alojamiento &amp; lugares<\/a><\/h4>\t\t\t\t<\/div>\n\t\t\t\t<\/div>\n\t\t\t\t<div class=\"elementor-element elementor-element-24ef410e elementor-widget elementor-widget-text-editor\" data-id=\"24ef410e\" data-element_type=\"widget\" data-e-type=\"widget\" data-widget_type=\"text-editor.default\">\n\t\t\t\t<div class=\"elementor-widget-container\">\n\t\t\t\t\t\t\t\t\t<p><span style=\"font-style: inherit; font-weight: inherit; background-color: var(--ast-global-color-4);\">Busca alojamiento y\/o un lugar para celebrar un evento para su grupo? El alojamiento depende en gran medida del tama\u00f1o del grupo: desde una <\/span><span style=\"font-style: inherit; background-color: var(--ast-global-color-4);\"><b>Finca<\/b><\/span><span style=\"font-style: inherit; font-weight: inherit; background-color: var(--ast-global-color-4);\"> para grupos peque\u00f1os, un <\/span><span style=\"font-style: inherit; background-color: var(--ast-global-color-4);\"><b>Fincahotel<\/b><\/span><span style=\"font-style: inherit; font-weight: inherit; background-color: var(--ast-global-color-4);\"> para grupos peque\u00f1os y medianos hasta un <\/span><span style=\"font-style: inherit; background-color: var(--ast-global-color-4);\"><b>Hotel de playa, golf, urbano o resort<\/b><\/span><span style=\"font-style: inherit; font-weight: inherit; background-color: var(--ast-global-color-4);\"> para grupos m\u00e1s grandes. Podr\u00eda considerarse un lugar de celebraci\u00f3n de eventos <\/span><span style=\"font-style: inherit; background-color: var(--ast-global-color-4);\"><b>Eventfinca<\/b><\/span><span style=\"font-style: inherit; font-weight: inherit; background-color: var(--ast-global-color-4);\">, un <\/span><span style=\"font-style: inherit; background-color: var(--ast-global-color-4);\"><b>Beachclub<\/b><\/span><span style=\"font-style: inherit; font-weight: inherit; background-color: var(--ast-global-color-4);\">, <\/span><span style=\"font-style: inherit; background-color: var(--ast-global-color-4);\"><b>Restaurante<\/b><\/span><span style=\"font-style: inherit; font-weight: inherit; background-color: var(--ast-global-color-4);\"> o <\/span><span style=\"font-style: inherit; background-color: var(--ast-global-color-4);\"><b>Barco<\/b><\/span><span style=\"font-style: inherit; font-weight: inherit; background-color: var(--ast-global-color-4);\">, una <\/span><span style=\"font-style: inherit; background-color: var(--ast-global-color-4);\"><b>Bodega<\/b><\/span><span style=\"font-style: inherit; font-weight: inherit; background-color: var(--ast-global-color-4);\">&nbsp;o un <\/span><span style=\"font-style: inherit; background-color: var(--ast-global-color-4);\"><b>lugar especial<\/b><\/span><span style=\"font-style: inherit; font-weight: inherit; background-color: var(--ast-global-color-4);\">, como un castillo, un museo o un acuario.<\/span><\/p>\t\t\t\t\t\t\t\t<\/div>\n\t\t\t\t<\/div>\n\t\t\t\t\t<\/div>\n\t\t<\/div>\n\t\t\t\t<div class=\"elementor-column elementor-col-50 elementor-top-column elementor-element elementor-element-45686e54\" data-id=\"45686e54\" data-element_type=\"column\" data-e-type=\"column\">\n\t\t\t<div class=\"elementor-widget-wrap elementor-element-populated\">\n\t\t\t\t\t\t<div class=\"elementor-element elementor-element-7b5b57a9 elementor-widget elementor-widget-image\" data-id=\"7b5b57a9\" data-element_type=\"widget\" data-e-type=\"widget\" data-widget_type=\"image.default\">\n\t\t\t\t<div class=\"elementor-widget-container\">\n\t\t\t\t\t\t\t\t\t\t\t\t\t\t\t\t<a href=\"https:\/\/workation-mallorca.es\/es\/kontakt\/\">\n\t\t\t\t\t\t\t<img fetchpriority=\"high\" decoding=\"async\" width=\"1514\" height=\"1080\" src=\"https:\/\/workation-mallorca.es\/wp-content\/uploads\/2024\/07\/Locations_Unterkuenfte1.jpg\" class=\"attachment-full size-full wp-image-2629\" alt=\"Bild eines Fincahotels auf Mallorca als Location f\u00fcr ein Retreat oder eine Firmenreise\" srcset=\"https:\/\/workation-mallorca.es\/wp-content\/uploads\/2024\/07\/Locations_Unterkuenfte1.jpg 1514w, https:\/\/workation-mallorca.es\/wp-content\/uploads\/2024\/07\/Locations_Unterkuenfte1-300x214.jpg 300w, https:\/\/workation-mallorca.es\/wp-content\/uploads\/2024\/07\/Locations_Unterkuenfte1-1024x730.jpg 1024w, https:\/\/workation-mallorca.es\/wp-content\/uploads\/2024\/07\/Locations_Unterkuenfte1-768x548.jpg 768w\" sizes=\"(max-width: 1514px) 100vw, 1514px\" title=\"\">\t\t\t\t\t\t\t\t<\/a>\n\t\t\t\t\t\t\t\t\t\t\t\t\t\t\t<\/div>\n\t\t\t\t<\/div>\n\t\t\t\t\t<\/div>\n\t\t<\/div>\n\t\t\t\t\t<\/div>\n\t\t<\/section>\n\t\t\t\t<section class=\"elementor-section elementor-top-section elementor-element elementor-element-21a4fd6 elementor-section-content-middle elementor-reverse-mobile elementor-section-boxed elementor-section-height-default elementor-section-height-default\" data-id=\"21a4fd6\" data-element_type=\"section\" data-e-type=\"section\">\n\t\t\t\t\t\t<div class=\"elementor-container elementor-column-gap-no\">\n\t\t\t\t\t<div class=\"elementor-column elementor-col-50 elementor-top-column elementor-element elementor-element-27d0ee8\" data-id=\"27d0ee8\" data-element_type=\"column\" data-e-type=\"column\">\n\t\t\t<div class=\"elementor-widget-wrap elementor-element-populated\">\n\t\t\t\t\t\t<div class=\"elementor-element elementor-element-6be3fa0 elementor-widget elementor-widget-image\" data-id=\"6be3fa0\" data-element_type=\"widget\" data-e-type=\"widget\" data-widget_type=\"image.default\">\n\t\t\t\t<div class=\"elementor-widget-container\">\n\t\t\t\t\t\t\t\t\t\t\t\t\t\t\t\t<a href=\"https:\/\/workation-mallorca.es\/es\/kontakt\/\">\n\t\t\t\t\t\t\t<img decoding=\"async\" width=\"1522\" height=\"1080\" src=\"https:\/\/workation-mallorca.es\/wp-content\/uploads\/2024\/07\/IMG_20240318_125925-1.jpg\" class=\"attachment-full size-full wp-image-2627\" alt=\"Catering auf einem Fincahotel w\u00e4hrend einer Workation auf Mallorca f\u00fcr eine Firmenreise\" srcset=\"https:\/\/workation-mallorca.es\/wp-content\/uploads\/2024\/07\/IMG_20240318_125925-1.jpg 1522w, https:\/\/workation-mallorca.es\/wp-content\/uploads\/2024\/07\/IMG_20240318_125925-1-300x213.jpg 300w, https:\/\/workation-mallorca.es\/wp-content\/uploads\/2024\/07\/IMG_20240318_125925-1-1024x727.jpg 1024w, https:\/\/workation-mallorca.es\/wp-content\/uploads\/2024\/07\/IMG_20240318_125925-1-768x545.jpg 768w\" sizes=\"(max-width: 1522px) 100vw, 1522px\" title=\"\">\t\t\t\t\t\t\t\t<\/a>\n\t\t\t\t\t\t\t\t\t\t\t\t\t\t\t<\/div>\n\t\t\t\t<\/div>\n\t\t\t\t\t<\/div>\n\t\t<\/div>\n\t\t\t\t<div class=\"elementor-column elementor-col-50 elementor-top-column elementor-element elementor-element-9ead1cf\" data-id=\"9ead1cf\" data-element_type=\"column\" data-e-type=\"column\">\n\t\t\t<div class=\"elementor-widget-wrap elementor-element-populated\">\n\t\t\t\t\t\t<div class=\"elementor-element elementor-element-2d1ce32 elementor-widget elementor-widget-heading\" data-id=\"2d1ce32\" data-element_type=\"widget\" data-e-type=\"widget\" data-widget_type=\"heading.default\">\n\t\t\t\t<div class=\"elementor-widget-container\">\n\t\t\t\t\t<h4 class=\"elementor-heading-title elementor-size-default\"><a href=\"https:\/\/workation-mallorca.es\/es\/kontakt\/\">Catering<\/a><\/h4>\t\t\t\t<\/div>\n\t\t\t\t<\/div>\n\t\t\t\t<div class=\"elementor-element elementor-element-4bc57bf elementor-widget elementor-widget-text-editor\" data-id=\"4bc57bf\" data-element_type=\"widget\" data-e-type=\"widget\" data-widget_type=\"text-editor.default\">\n\t\t\t\t<div class=\"elementor-widget-container\">\n\t\t\t\t\t\t\t\t\t<p><span style=\"font-style: inherit; font-weight: inherit; background-color: var(--ast-global-color-4);\">Durante su estancia en Mallorca, quiere que le atiendan por la ma\u00f1ana, a la hora de comer y por la noche, en el hotel o con un servicio de catering. <\/span><span style=\"font-style: inherit; background-color: var(--ast-global-color-4);\"><b>Chef privado<\/b><\/span><span style=\"font-style: inherit; font-weight: inherit; background-color: var(--ast-global-color-4);\"> en la finca? O vosotros necesita\u00eds un <\/span><span style=\"font-style: inherit; background-color: var(--ast-global-color-4);\">Catering<\/span><span style=\"font-style: inherit; font-weight: inherit; background-color: var(--ast-global-color-4);\"> para vuestro evento de equipo o vuestro aniversario corporativo? <\/span><span style=\"font-style: inherit; background-color: var(--ast-global-color-4);\"><b>Tapas, Paella y Cenas de barbacoa<\/b><\/span><span style=\"font-style: inherit; font-weight: inherit; background-color: var(--ast-global-color-4);\"> son muy populares en Mallorca. Le conseguiremos la <\/span><span style=\"font-style: inherit; background-color: var(--ast-global-color-4);\"><b>empresa de Catering<\/b><\/span><span style=\"font-style: inherit; font-weight: inherit; background-color: var(--ast-global-color-4);\"> - como a usted le gusta. <\/span><span style=\"font-style: inherit; background-color: var(--ast-global-color-4);\"><b>Ya sea cocina r\u00fastica y tradicional mallorquina<\/b><\/span><span style=\"font-style: inherit; font-weight: inherit; background-color: var(--ast-global-color-4);\"> o <\/span><span style=\"font-style: inherit; background-color: var(--ast-global-color-4);\"><b>gastronom\u00eda de estrellas de lujo<\/b><\/span><span style=\"font-style: inherit; font-weight: inherit; background-color: var(--ast-global-color-4);\">. Incluso nos ocupamos de su bienestar durante las excursiones y actividades diurnas.<\/span><\/p>\t\t\t\t\t\t\t\t<\/div>\n\t\t\t\t<\/div>\n\t\t\t\t\t<\/div>\n\t\t<\/div>\n\t\t\t\t\t<\/div>\n\t\t<\/section>\n\t\t\t\t<section class=\"elementor-section elementor-top-section elementor-element elementor-element-b67fc75 elementor-section-content-middle elementor-reverse-mobile elementor-section-boxed elementor-section-height-default elementor-section-height-default\" data-id=\"b67fc75\" data-element_type=\"section\" data-e-type=\"section\">\n\t\t\t\t\t\t<div class=\"elementor-container elementor-column-gap-no\">\n\t\t\t\t\t<div class=\"elementor-column elementor-col-50 elementor-top-column elementor-element elementor-element-ac15f4c\" data-id=\"ac15f4c\" data-element_type=\"column\" data-e-type=\"column\">\n\t\t\t<div class=\"elementor-widget-wrap elementor-element-populated\">\n\t\t\t\t\t\t<div class=\"elementor-element elementor-element-9ac5f10 elementor-widget elementor-widget-heading\" data-id=\"9ac5f10\" data-element_type=\"widget\" data-e-type=\"widget\" data-widget_type=\"heading.default\">\n\t\t\t\t<div class=\"elementor-widget-container\">\n\t\t\t\t\t<h4 class=\"elementor-heading-title elementor-size-default\"><a href=\"https:\/\/workation-mallorca.es\/es\/kontakt\/\">Excursiones y actividades<\/a><\/h4>\t\t\t\t<\/div>\n\t\t\t\t<\/div>\n\t\t\t\t<div class=\"elementor-element elementor-element-9ee4395 elementor-widget elementor-widget-text-editor\" data-id=\"9ee4395\" data-element_type=\"widget\" data-e-type=\"widget\" data-widget_type=\"text-editor.default\">\n\t\t\t\t<div class=\"elementor-widget-container\">\n\t\t\t\t\t\t\t\t\t<p><span style=\"font-style: inherit; font-weight: inherit; background-color: var(--ast-global-color-4);\">Le gustar\u00eda trabajar por la ma\u00f1ana y disfrutar de su estancia en Mallorca por la tarde o por la noche? Le gustar\u00eda vivir alguna experiencia despu\u00e9s del taller, curso, seminario o conferencia? Podemos organizar varias excursiones o actividades conjuntas de la A a la Z: <\/span><span style=\"font-style: inherit; background-color: var(--ast-global-color-4);\"><b>A<\/b><\/span><span style=\"font-style: inherit; font-weight: inherit; background-color: var(--ast-global-color-4);\">quarium, <\/span><span style=\"font-style: inherit; background-color: var(--ast-global-color-4);\"><b>B<\/b><\/span><span style=\"font-style: inherit; font-weight: inherit; background-color: var(--ast-global-color-4);\">allonfahrt, <\/span><span style=\"font-style: inherit; background-color: var(--ast-global-color-4);\"><b>C<\/b><\/span><span style=\"font-style: inherit; font-weight: inherit; background-color: var(--ast-global-color-4);\">atamaran-Ausflug, <\/span><span style=\"font-style: inherit; background-color: var(--ast-global-color-4);\"><b>D<\/b><\/span><span style=\"font-style: inherit; font-weight: inherit; background-color: var(--ast-global-color-4);\">egustation von Oliven\u00f6l, <\/span><span style=\"font-style: inherit; background-color: var(--ast-global-color-4);\"><b>E<\/b><\/span><span style=\"font-style: inherit; font-weight: inherit; background-color: var(--ast-global-color-4);\">xklusiv-Yacht-Charter, <\/span><span style=\"font-style: inherit; background-color: var(--ast-global-color-4);\"><b>F<\/b><\/span><span style=\"font-style: inherit; font-weight: inherit; background-color: var(--ast-global-color-4);\">ahrradtour, &#8230; <\/span><span style=\"font-style: inherit; background-color: var(--ast-global-color-4);\"><b>W<\/b><\/span><span style=\"font-style: inherit; font-weight: inherit; background-color: var(--ast-global-color-4);\">einverk\u00f6stigung, <\/span><span style=\"font-style: inherit; background-color: var(--ast-global-color-4);\"><b>X<\/b><\/span><span style=\"font-style: inherit; font-weight: inherit; background-color: var(--ast-global-color-4);\">L-Stand-Up-Paddling, <\/span><span style=\"font-style: inherit; background-color: var(--ast-global-color-4);\"><b>Y<\/b><\/span><span style=\"font-style: inherit; font-weight: inherit; background-color: var(--ast-global-color-4);\">ogakurs, <\/span><span style=\"font-style: inherit; background-color: var(--ast-global-color-4);\"><b>Z<\/b><\/span><span style=\"font-style: inherit; font-weight: inherit; background-color: var(--ast-global-color-4);\">ugfahrt-durch-Weinplantage.<\/span><\/p>\t\t\t\t\t\t\t\t<\/div>\n\t\t\t\t<\/div>\n\t\t\t\t\t<\/div>\n\t\t<\/div>\n\t\t\t\t<div class=\"elementor-column elementor-col-50 elementor-top-column elementor-element elementor-element-47fffc8\" data-id=\"47fffc8\" data-element_type=\"column\" data-e-type=\"column\">\n\t\t\t<div class=\"elementor-widget-wrap elementor-element-populated\">\n\t\t\t\t\t\t<div class=\"elementor-element elementor-element-5213d51 elementor-widget elementor-widget-image\" data-id=\"5213d51\" data-element_type=\"widget\" data-e-type=\"widget\" data-widget_type=\"image.default\">\n\t\t\t\t<div class=\"elementor-widget-container\">\n\t\t\t\t\t\t\t\t\t\t\t\t\t\t\t\t<a href=\"https:\/\/workation-mallorca.es\/es\/kontakt\/\">\n\t\t\t\t\t\t\t<img decoding=\"async\" width=\"1536\" height=\"864\" src=\"https:\/\/workation-mallorca.es\/wp-content\/uploads\/2024\/07\/Header-Services1.jpg\" class=\"attachment-full size-full wp-image-2645\" alt=\"Bootsausflug eines Teams w\u00e4hrend einer Workation auf Mallorca als Teambuildingma\u00dfnahme f\u00fcr eine Firmenreise\" srcset=\"https:\/\/workation-mallorca.es\/wp-content\/uploads\/2024\/07\/Header-Services1.jpg 1536w, https:\/\/workation-mallorca.es\/wp-content\/uploads\/2024\/07\/Header-Services1-300x169.jpg 300w, https:\/\/workation-mallorca.es\/wp-content\/uploads\/2024\/07\/Header-Services1-1024x576.jpg 1024w, https:\/\/workation-mallorca.es\/wp-content\/uploads\/2024\/07\/Header-Services1-768x432.jpg 768w\" sizes=\"(max-width: 1536px) 100vw, 1536px\" title=\"\">\t\t\t\t\t\t\t\t<\/a>\n\t\t\t\t\t\t\t\t\t\t\t\t\t\t\t<\/div>\n\t\t\t\t<\/div>\n\t\t\t\t\t<\/div>\n\t\t<\/div>\n\t\t\t\t\t<\/div>\n\t\t<\/section>\n\t\t\t\t<section class=\"elementor-section elementor-top-section elementor-element elementor-element-4437daf elementor-section-content-middle elementor-reverse-mobile elementor-section-boxed elementor-section-height-default elementor-section-height-default\" data-id=\"4437daf\" data-element_type=\"section\" data-e-type=\"section\">\n\t\t\t\t\t\t<div class=\"elementor-container elementor-column-gap-no\">\n\t\t\t\t\t<div class=\"elementor-column elementor-col-50 elementor-top-column elementor-element elementor-element-9d90e31\" data-id=\"9d90e31\" data-element_type=\"column\" data-e-type=\"column\">\n\t\t\t<div class=\"elementor-widget-wrap elementor-element-populated\">\n\t\t\t\t\t\t<div class=\"elementor-element elementor-element-dfad280 elementor-widget elementor-widget-image\" data-id=\"dfad280\" data-element_type=\"widget\" data-e-type=\"widget\" data-widget_type=\"image.default\">\n\t\t\t\t<div class=\"elementor-widget-container\">\n\t\t\t\t\t\t\t\t\t\t\t\t\t\t\t\t<a href=\"https:\/\/workation-mallorca.es\/es\/kontakt\/\">\n\t\t\t\t\t\t\t<img loading=\"lazy\" decoding=\"async\" width=\"1522\" height=\"1080\" src=\"https:\/\/workation-mallorca.es\/wp-content\/uploads\/2023\/05\/Teambuilding.jpg\" class=\"attachment-full size-full wp-image-644\" alt=\"Teambuilding Ma\u00dfnahme f\u00fcr ein Event auf Mallorca\" srcset=\"https:\/\/workation-mallorca.es\/wp-content\/uploads\/2023\/05\/Teambuilding.jpg 1522w, https:\/\/workation-mallorca.es\/wp-content\/uploads\/2023\/05\/Teambuilding-300x213.jpg 300w, https:\/\/workation-mallorca.es\/wp-content\/uploads\/2023\/05\/Teambuilding-1024x727.jpg 1024w, https:\/\/workation-mallorca.es\/wp-content\/uploads\/2023\/05\/Teambuilding-768x545.jpg 768w\" sizes=\"(max-width: 1522px) 100vw, 1522px\" title=\"\">\t\t\t\t\t\t\t\t<\/a>\n\t\t\t\t\t\t\t\t\t\t\t\t\t\t\t<\/div>\n\t\t\t\t<\/div>\n\t\t\t\t\t<\/div>\n\t\t<\/div>\n\t\t\t\t<div class=\"elementor-column elementor-col-50 elementor-top-column elementor-element elementor-element-772d7c6\" data-id=\"772d7c6\" data-element_type=\"column\" data-e-type=\"column\">\n\t\t\t<div class=\"elementor-widget-wrap elementor-element-populated\">\n\t\t\t\t\t\t<div class=\"elementor-element elementor-element-acb9ca0 elementor-widget elementor-widget-heading\" data-id=\"acb9ca0\" data-element_type=\"widget\" data-e-type=\"widget\" data-widget_type=\"heading.default\">\n\t\t\t\t<div class=\"elementor-widget-container\">\n\t\t\t\t\t<h4 class=\"elementor-heading-title elementor-size-default\"><a href=\"https:\/\/workation-mallorca.es\/es\/kontakt\/\">Formaci\u00f3n de equipo<\/a><\/h4>\t\t\t\t<\/div>\n\t\t\t\t<\/div>\n\t\t\t\t<div class=\"elementor-element elementor-element-e9131e6 elementor-widget elementor-widget-text-editor\" data-id=\"e9131e6\" data-element_type=\"widget\" data-e-type=\"widget\" data-widget_type=\"text-editor.default\">\n\t\t\t\t<div class=\"elementor-widget-container\">\n\t\t\t\t\t\t\t\t\t<p><span style=\"font-style: inherit; font-weight: inherit; background-color: var(--ast-global-color-4);\">Le gustar\u00eda aprovechar su estancia en Mallorca para realizar actividades de equipo? Encontraremos la idea adecuada para su team building. Puede ser algo <\/span><span style=\"font-style: inherit; background-color: var(--ast-global-color-4);\"><b>Deportivo<\/b><\/span><span style=\"font-style: inherit; font-weight: inherit; background-color: var(--ast-global-color-4);\"> &amp; <\/span><span style=\"font-style: inherit; background-color: var(--ast-global-color-4);\"><b>Aventura<\/b><\/span><span style=\"font-style: inherit; font-weight: inherit; background-color: var(--ast-global-color-4);\"> o mejor algo <\/span><span style=\"font-style: inherit; background-color: var(--ast-global-color-4);\"><b>Delicias culinarias<\/b><\/span><span style=\"font-style: inherit; font-weight: inherit; background-color: var(--ast-global-color-4);\"> o algo <\/span><span style=\"font-style: inherit; background-color: var(--ast-global-color-4);\"><b>Creativo<\/b><\/span><span style=\"font-style: inherit; font-weight: inherit; background-color: var(--ast-global-color-4);\">? O deber\u00eda ser algo <\/span><span style=\"font-style: inherit; background-color: var(--ast-global-color-4);\"><b>tranquilo<\/b><\/span><span style=\"font-style: inherit; font-weight: inherit; background-color: var(--ast-global-color-4);\"> como un recorrido en barco? Tambi\u00e9n podemos convertir una visita tur\u00edstica cl\u00e1sica en algo especial con un rally por la ciudad. H\u00e1ganos saber sus preferencias y organizaremos una actividad de teambuilding perfecta para su grupo.<\/span><\/p>\t\t\t\t\t\t\t\t<\/div>\n\t\t\t\t<\/div>\n\t\t\t\t\t<\/div>\n\t\t<\/div>\n\t\t\t\t\t<\/div>\n\t\t<\/section>\n\t\t\t\t<section class=\"elementor-section elementor-top-section elementor-element elementor-element-4c5408c elementor-section-content-middle elementor-reverse-mobile elementor-section-boxed elementor-section-height-default elementor-section-height-default\" data-id=\"4c5408c\" data-element_type=\"section\" data-e-type=\"section\">\n\t\t\t\t\t\t<div class=\"elementor-container elementor-column-gap-no\">\n\t\t\t\t\t<div class=\"elementor-column elementor-col-50 elementor-top-column elementor-element elementor-element-d539073\" data-id=\"d539073\" data-element_type=\"column\" data-e-type=\"column\">\n\t\t\t<div class=\"elementor-widget-wrap elementor-element-populated\">\n\t\t\t\t\t\t<div class=\"elementor-element elementor-element-284b816 elementor-widget elementor-widget-heading\" data-id=\"284b816\" data-element_type=\"widget\" data-e-type=\"widget\" data-widget_type=\"heading.default\">\n\t\t\t\t<div class=\"elementor-widget-container\">\n\t\t\t\t\t<h4 class=\"elementor-heading-title elementor-size-default\"><a href=\"https:\/\/workation-mallorca.es\/es\/kontakt\/\">Traslados por tierra, mar y aire <\/a><\/h4>\t\t\t\t<\/div>\n\t\t\t\t<\/div>\n\t\t\t\t<div class=\"elementor-element elementor-element-0a859be elementor-widget elementor-widget-text-editor\" data-id=\"0a859be\" data-element_type=\"widget\" data-e-type=\"widget\" data-widget_type=\"text-editor.default\">\n\t\t\t\t<div class=\"elementor-widget-container\">\n\t\t\t\t\t\t\t\t\t<p><span style=\"font-style: inherit; font-weight: inherit; background-color: var(--ast-global-color-4);\">Vosotros quere\u00eds un <\/span><span style=\"font-style: inherit; background-color: var(--ast-global-color-4);\"><b>Shuttle al aeropuerto<\/b><\/span><span style=\"font-style: inherit; font-weight: inherit; background-color: var(--ast-global-color-4);\">, que recoge vuestro grupo o algunos participantes del aeropuerto, los lleva al alojamiento y al reves? O necesita\u00eds un <\/span><span style=\"font-style: inherit; background-color: var(--ast-global-color-4);\"><b>Traslado<\/b><\/span><span style=\"font-style: inherit; background-color: var(--ast-global-color-4);\"><b> de vuestro hotel al lugar del evento<\/b><\/span><span style=\"font-style: inherit; font-weight: inherit; background-color: var(--ast-global-color-4);\"> y al reves? Nosotros trabajamos con diferentes empresas de traslados. Da igual si necesita\u00eds un <\/span><span style=\"font-style: inherit; background-color: var(--ast-global-color-4);\"><b>Minibus<\/b><\/span><span style=\"font-style: inherit; font-weight: inherit; background-color: var(--ast-global-color-4);\"> o un <\/span><span style=\"font-style: inherit; background-color: var(--ast-global-color-4);\"><b>Autobus<\/b><\/span><span style=\"font-style: inherit; font-weight: inherit; background-color: var(--ast-global-color-4);\"> normal o si quere\u00eds viajar en exclusividad con un <\/span><span style=\"font-style: inherit; background-color: var(--ast-global-color-4);\"><b>Yacht<\/b><\/span><span style=\"font-style: inherit; font-weight: inherit; background-color: var(--ast-global-color-4);\">\u00a0reisen m\u00f6chtet\u00a0<\/span><span style=\"font-style: inherit; font-weight: inherit; background-color: var(--ast-global-color-4);\">- todo es posible<\/span><span style=\"font-style: inherit; font-weight: inherit; background-color: var(--ast-global-color-4);\">. Incluso podemos organizar un <\/span><span style=\"font-style: inherit; background-color: var(--ast-global-color-4);\"><b>Jet privado<\/b><\/span><span style=\"font-style: inherit; font-weight: inherit; background-color: var(--ast-global-color-4);\"> para vosotros.\u00a0<\/span><\/p>\t\t\t\t\t\t\t\t<\/div>\n\t\t\t\t<\/div>\n\t\t\t\t\t<\/div>\n\t\t<\/div>\n\t\t\t\t<div class=\"elementor-column elementor-col-50 elementor-top-column elementor-element elementor-element-e156e38\" data-id=\"e156e38\" data-element_type=\"column\" data-e-type=\"column\">\n\t\t\t<div class=\"elementor-widget-wrap elementor-element-populated\">\n\t\t\t\t\t\t<div class=\"elementor-element elementor-element-9fe874e elementor-widget elementor-widget-image\" data-id=\"9fe874e\" data-element_type=\"widget\" data-e-type=\"widget\" data-widget_type=\"image.default\">\n\t\t\t\t<div class=\"elementor-widget-container\">\n\t\t\t\t\t\t\t\t\t\t\t\t\t\t\t\t<a href=\"https:\/\/workation-mallorca.es\/es\/kontakt\/\">\n\t\t\t\t\t\t\t<img loading=\"lazy\" decoding=\"async\" width=\"1519\" height=\"1080\" src=\"https:\/\/workation-mallorca.es\/wp-content\/uploads\/2024\/07\/Transfer-Workation-Mallorca1.jpg\" class=\"attachment-full size-full wp-image-2630\" alt=\"Gruppe einer deutschen Firma vor einem mit Koffern bepacktem Transfer-Bus w\u00e4hrend eines Teamausflugs nach Mallorca\" srcset=\"https:\/\/workation-mallorca.es\/wp-content\/uploads\/2024\/07\/Transfer-Workation-Mallorca1.jpg 1519w, https:\/\/workation-mallorca.es\/wp-content\/uploads\/2024\/07\/Transfer-Workation-Mallorca1-300x213.jpg 300w, https:\/\/workation-mallorca.es\/wp-content\/uploads\/2024\/07\/Transfer-Workation-Mallorca1-1024x728.jpg 1024w, https:\/\/workation-mallorca.es\/wp-content\/uploads\/2024\/07\/Transfer-Workation-Mallorca1-768x546.jpg 768w\" sizes=\"(max-width: 1519px) 100vw, 1519px\" title=\"\">\t\t\t\t\t\t\t\t<\/a>\n\t\t\t\t\t\t\t\t\t\t\t\t\t\t\t<\/div>\n\t\t\t\t<\/div>\n\t\t\t\t\t<\/div>\n\t\t<\/div>\n\t\t\t\t\t<\/div>\n\t\t<\/section>\n\t\t\t\t<section class=\"elementor-section elementor-top-section elementor-element elementor-element-3f087f3 elementor-section-content-middle elementor-reverse-mobile elementor-section-boxed elementor-section-height-default elementor-section-height-default\" data-id=\"3f087f3\" data-element_type=\"section\" data-e-type=\"section\">\n\t\t\t\t\t\t<div class=\"elementor-container elementor-column-gap-no\">\n\t\t\t\t\t<div class=\"elementor-column elementor-col-50 elementor-top-column elementor-element elementor-element-7402764\" data-id=\"7402764\" data-element_type=\"column\" data-e-type=\"column\">\n\t\t\t<div class=\"elementor-widget-wrap elementor-element-populated\">\n\t\t\t\t\t\t<div class=\"elementor-element elementor-element-d634233 elementor-widget elementor-widget-image\" data-id=\"d634233\" data-element_type=\"widget\" data-e-type=\"widget\" data-widget_type=\"image.default\">\n\t\t\t\t<div class=\"elementor-widget-container\">\n\t\t\t\t\t\t\t\t\t\t\t\t\t\t\t\t<a href=\"https:\/\/workation-mallorca.es\/es\/kontakt\/\">\n\t\t\t\t\t\t\t<img loading=\"lazy\" decoding=\"async\" width=\"1522\" height=\"1080\" src=\"https:\/\/workation-mallorca.es\/wp-content\/uploads\/2023\/05\/Ausstattung-Dekoration-Beleuchtung.jpg\" class=\"attachment-full size-full wp-image-646\" alt=\"Tische und St\u00fchle mit Dekoration und Beleuchtung auf einem Event auf Mallorca\" srcset=\"https:\/\/workation-mallorca.es\/wp-content\/uploads\/2023\/05\/Ausstattung-Dekoration-Beleuchtung.jpg 1522w, https:\/\/workation-mallorca.es\/wp-content\/uploads\/2023\/05\/Ausstattung-Dekoration-Beleuchtung-300x213.jpg 300w, https:\/\/workation-mallorca.es\/wp-content\/uploads\/2023\/05\/Ausstattung-Dekoration-Beleuchtung-1024x727.jpg 1024w, https:\/\/workation-mallorca.es\/wp-content\/uploads\/2023\/05\/Ausstattung-Dekoration-Beleuchtung-768x545.jpg 768w\" sizes=\"(max-width: 1522px) 100vw, 1522px\" title=\"\">\t\t\t\t\t\t\t\t<\/a>\n\t\t\t\t\t\t\t\t\t\t\t\t\t\t\t<\/div>\n\t\t\t\t<\/div>\n\t\t\t\t\t<\/div>\n\t\t<\/div>\n\t\t\t\t<div class=\"elementor-column elementor-col-50 elementor-top-column elementor-element elementor-element-c9b596d\" data-id=\"c9b596d\" data-element_type=\"column\" data-e-type=\"column\">\n\t\t\t<div class=\"elementor-widget-wrap elementor-element-populated\">\n\t\t\t\t\t\t<div class=\"elementor-element elementor-element-29fb126 elementor-widget elementor-widget-heading\" data-id=\"29fb126\" data-element_type=\"widget\" data-e-type=\"widget\" data-widget_type=\"heading.default\">\n\t\t\t\t<div class=\"elementor-widget-container\">\n\t\t\t\t\t<h4 class=\"elementor-heading-title elementor-size-default\"><a href=\"https:\/\/workation-mallorca.es\/es\/kontakt\/\">Mobiliario, decoraci\u00f3n &amp; iluminaci\u00f3n<\/a><\/h4>\t\t\t\t<\/div>\n\t\t\t\t<\/div>\n\t\t\t\t<div class=\"elementor-element elementor-element-2aacc99 elementor-widget elementor-widget-text-editor\" data-id=\"2aacc99\" data-element_type=\"widget\" data-e-type=\"widget\" data-widget_type=\"text-editor.default\">\n\t\t\t\t<div class=\"elementor-widget-container\">\n\t\t\t\t\t\t\t\t\t<p><span style=\"font-style: inherit; font-weight: inherit; background-color: var(--ast-global-color-4);\">Esta\u00eds planeando un aniversario corporativo? Entonces necesita\u00eds el equipamiento adecuado, decoraci\u00f3n y iluminaci\u00f3n. Del <\/span><span style=\"font-style: inherit; background-color: var(--ast-global-color-4);\"><b>Mobiliario<\/b><\/span><span style=\"font-style: inherit; font-weight: inherit; background-color: var(--ast-global-color-4);\"> con <\/span><span style=\"font-style: inherit; background-color: var(--ast-global-color-4);\"><b>mesas<\/b><\/span><span style=\"font-style: inherit; background-color: var(--ast-global-color-4);\"><b>n<\/b><\/span><span style=\"font-style: inherit; font-weight: inherit; background-color: var(--ast-global-color-4);\"> &amp; <\/span><span style=\"font-style: inherit; background-color: var(--ast-global-color-4);\"><b>sillas<\/b><\/span><span style=\"font-style: inherit; background-color: var(--ast-global-color-4);\"><b>n<\/b><\/span><span style=\"font-style: inherit; font-weight: inherit; background-color: var(--ast-global-color-4);\"> \u00fcber <\/span><span style=\"font-style: inherit; background-color: var(--ast-global-color-4);\"><b>, vajilla<\/b><\/span><span style=\"font-style: inherit; font-weight: inherit; background-color: var(--ast-global-color-4);\"> &amp; <\/span><span style=\"font-style: inherit; background-color: var(--ast-global-color-4);\"><b>vasos<\/b><\/span><span style=\"font-style: inherit; font-weight: inherit; background-color: var(--ast-global-color-4);\"> y servilletas. Adem\u00e1s la <\/span><span style=\"font-style: inherit; background-color: var(--ast-global-color-4);\"><b>decoraci\u00f3n adecuada<\/b><\/span><span style=\"font-style: inherit; font-weight: inherit; background-color: var(--ast-global-color-4);\"> y otros elementos decorativos, como <\/span><span style=\"font-style: inherit; background-color: var(--ast-global-color-4);\"><b>globos para la piscina<\/b><\/span><span style=\"font-style: inherit; font-weight: inherit; background-color: var(--ast-global-color-4);\">. Hasta la iluminaci\u00f3n con <\/span><span style=\"font-style: inherit; background-color: var(--ast-global-color-4);\"><b>velas<\/b><\/span><span style=\"font-style: inherit; font-weight: inherit; background-color: var(--ast-global-color-4);\">,\u00a0<\/span><span style=\"font-style: inherit; background-color: var(--ast-global-color-4);\"><b>luces de hadas<\/b><\/span><span style=\"font-style: inherit; font-weight: inherit; background-color: var(--ast-global-color-4);\"> o <\/span><span style=\"font-style: inherit; background-color: var(--ast-global-color-4);\"><b>linternas<\/b><\/span><span style=\"font-style: inherit; font-weight: inherit; background-color: var(--ast-global-color-4);\">. Adem\u00e1s organizamos un pabell\u00f3n para que pode\u00eds celebrar tambi\u00e9n con lluvia.\u00a0<\/span><span style=\"font-style: inherit; background-color: var(--ast-global-color-4);\"><b>Zelt<\/b><\/span><span style=\"font-style: inherit; font-weight: inherit; background-color: var(--ast-global-color-4);\">.<\/span><\/p>\t\t\t\t\t\t\t\t<\/div>\n\t\t\t\t<\/div>\n\t\t\t\t\t<\/div>\n\t\t<\/div>\n\t\t\t\t\t<\/div>\n\t\t<\/section>\n\t\t\t\t<section class=\"elementor-section elementor-top-section elementor-element elementor-element-9c378d3 elementor-section-content-middle elementor-reverse-mobile elementor-section-boxed elementor-section-height-default elementor-section-height-default\" data-id=\"9c378d3\" data-element_type=\"section\" data-e-type=\"section\">\n\t\t\t\t\t\t<div class=\"elementor-container elementor-column-gap-no\">\n\t\t\t\t\t<div class=\"elementor-column elementor-col-50 elementor-top-column elementor-element elementor-element-f053bad\" data-id=\"f053bad\" data-element_type=\"column\" data-e-type=\"column\">\n\t\t\t<div class=\"elementor-widget-wrap elementor-element-populated\">\n\t\t\t\t\t\t<div class=\"elementor-element elementor-element-dfaa216 elementor-widget elementor-widget-heading\" data-id=\"dfaa216\" data-element_type=\"widget\" data-e-type=\"widget\" data-widget_type=\"heading.default\">\n\t\t\t\t<div class=\"elementor-widget-container\">\n\t\t\t\t\t<h4 class=\"elementor-heading-title elementor-size-default\"><a href=\"https:\/\/workation-mallorca.es\/es\/kontakt\/\">Tecnolog\u00eda<\/a><\/h4>\t\t\t\t<\/div>\n\t\t\t\t<\/div>\n\t\t\t\t<div class=\"elementor-element elementor-element-5b6f08e elementor-widget elementor-widget-text-editor\" data-id=\"5b6f08e\" data-element_type=\"widget\" data-e-type=\"widget\" data-widget_type=\"text-editor.default\">\n\t\t\t\t<div class=\"elementor-widget-container\">\n\t\t\t\t\t\t\t\t\t<p><span style=\"font-style: inherit; font-weight: inherit; background-color: var(--ast-global-color-4);\">Vosotros necesita\u00eds <\/span><span style=\"font-style: inherit; background-color: var(--ast-global-color-4);\"><b>Tecnolog\u00eda de conferencias<\/b><\/span><span style=\"font-style: inherit; font-weight: inherit; background-color: var(--ast-global-color-4);\"> para su taller, congreso o conferencia? Podemos encargarnos por usted <\/span><span style=\"font-style: inherit; background-color: var(--ast-global-color-4);\"><b>Beamer<\/b><\/span><span style=\"font-style: inherit; font-weight: inherit; background-color: var(--ast-global-color-4);\">, <\/span><span style=\"font-style: inherit; background-color: var(--ast-global-color-4);\"><b>micr\u00f3fonos<\/b><\/span><span style=\"font-style: inherit; font-weight: inherit; background-color: var(--ast-global-color-4);\"> y tambi\u00e9n el equipo adicional necesario, como <\/span><span style=\"font-style: inherit; background-color: var(--ast-global-color-4);\"><b>Rotafolios<\/b><\/span><span style=\"font-style: inherit; font-weight: inherit; background-color: var(--ast-global-color-4);\"> o <\/span><span style=\"font-style: inherit; background-color: var(--ast-global-color-4);\"><b>Pizarras m\u00f3viles<\/b><\/span><span style=\"font-style: inherit; font-weight: inherit; background-color: var(--ast-global-color-4);\">. Para vuestro evento corporativo necesita\u00eds <\/span><span style=\"font-style: inherit; background-color: var(--ast-global-color-4);\"><b>Tecnolog\u00eda de eventos<\/b><\/span><span style=\"font-style: inherit; font-weight: inherit; background-color: var(--ast-global-color-4);\">? Colaboramos con proveedores de servicios t\u00e9cnicos profesionales a trav\u00e9s de los cuales obtenemos la tecnolog\u00eda necesaria. No importa si s\u00f3lo necesita un <\/span><span style=\"font-style: inherit; background-color: var(--ast-global-color-4);\"><b>sistema DJ<\/b><\/span><span style=\"font-style: inherit; font-weight: inherit; background-color: var(--ast-global-color-4);\">\u00a0y algunos <\/span><span style=\"font-style: inherit; background-color: var(--ast-global-color-4);\"><b>micr\u00f3fonos<\/b><\/span><span style=\"font-style: inherit; font-weight: inherit; background-color: var(--ast-global-color-4);\"> para una fiesta de piscina o <\/span><span style=\"font-style: inherit; background-color: var(--ast-global-color-4);\"><b>Sonorizaci\u00f3n, iluminaci\u00f3n y escenograf\u00eda<\/b><\/span><span style=\"font-style: inherit; font-weight: inherit; background-color: var(--ast-global-color-4);\"> completo para un evento corporativo elevado.<\/span><\/p>\t\t\t\t\t\t\t\t<\/div>\n\t\t\t\t<\/div>\n\t\t\t\t\t<\/div>\n\t\t<\/div>\n\t\t\t\t<div class=\"elementor-column elementor-col-50 elementor-top-column elementor-element elementor-element-a059904\" data-id=\"a059904\" data-element_type=\"column\" data-e-type=\"column\">\n\t\t\t<div class=\"elementor-widget-wrap elementor-element-populated\">\n\t\t\t\t\t\t<div class=\"elementor-element elementor-element-88722ce elementor-widget elementor-widget-image\" data-id=\"88722ce\" data-element_type=\"widget\" data-e-type=\"widget\" data-widget_type=\"image.default\">\n\t\t\t\t<div class=\"elementor-widget-container\">\n\t\t\t\t\t\t\t\t\t\t\t\t\t\t\t\t<a href=\"https:\/\/workation-mallorca.es\/es\/kontakt\/\">\n\t\t\t\t\t\t\t<img loading=\"lazy\" decoding=\"async\" width=\"1522\" height=\"1080\" src=\"https:\/\/workation-mallorca.es\/wp-content\/uploads\/2023\/05\/Technik-Beamer-Mikro-DJ-Anlage.jpg\" class=\"attachment-full size-full wp-image-647\" alt=\"Eventtechnik f\u00fcr ein Event auf Mallorca\" srcset=\"https:\/\/workation-mallorca.es\/wp-content\/uploads\/2023\/05\/Technik-Beamer-Mikro-DJ-Anlage.jpg 1522w, https:\/\/workation-mallorca.es\/wp-content\/uploads\/2023\/05\/Technik-Beamer-Mikro-DJ-Anlage-300x213.jpg 300w, https:\/\/workation-mallorca.es\/wp-content\/uploads\/2023\/05\/Technik-Beamer-Mikro-DJ-Anlage-1024x727.jpg 1024w, https:\/\/workation-mallorca.es\/wp-content\/uploads\/2023\/05\/Technik-Beamer-Mikro-DJ-Anlage-768x545.jpg 768w\" sizes=\"(max-width: 1522px) 100vw, 1522px\" title=\"\">\t\t\t\t\t\t\t\t<\/a>\n\t\t\t\t\t\t\t\t\t\t\t\t\t\t\t<\/div>\n\t\t\t\t<\/div>\n\t\t\t\t\t<\/div>\n\t\t<\/div>\n\t\t\t\t\t<\/div>\n\t\t<\/section>\n\t\t\t\t<section class=\"elementor-section elementor-top-section elementor-element elementor-element-ab82bc5 elementor-section-content-middle elementor-reverse-mobile elementor-section-boxed elementor-section-height-default elementor-section-height-default\" data-id=\"ab82bc5\" data-element_type=\"section\" data-e-type=\"section\">\n\t\t\t\t\t\t<div class=\"elementor-container elementor-column-gap-no\">\n\t\t\t\t\t<div class=\"elementor-column elementor-col-50 elementor-top-column elementor-element elementor-element-1ed376d\" data-id=\"1ed376d\" data-element_type=\"column\" data-e-type=\"column\">\n\t\t\t<div class=\"elementor-widget-wrap elementor-element-populated\">\n\t\t\t\t\t\t<div class=\"elementor-element elementor-element-cf15d2f elementor-widget elementor-widget-image\" data-id=\"cf15d2f\" data-element_type=\"widget\" data-e-type=\"widget\" data-widget_type=\"image.default\">\n\t\t\t\t<div class=\"elementor-widget-container\">\n\t\t\t\t\t\t\t\t\t\t\t\t\t\t\t\t<a href=\"https:\/\/workation-mallorca.es\/es\/kontakt\/\">\n\t\t\t\t\t\t\t<img loading=\"lazy\" decoding=\"async\" width=\"1522\" height=\"1080\" src=\"https:\/\/workation-mallorca.es\/wp-content\/uploads\/2023\/05\/Entertainment-Photobooth.jpg\" class=\"attachment-full size-full wp-image-648\" alt=\"VW Fotobus als Photobooth f\u00fcr ein Event auf Mallorca\" srcset=\"https:\/\/workation-mallorca.es\/wp-content\/uploads\/2023\/05\/Entertainment-Photobooth.jpg 1522w, https:\/\/workation-mallorca.es\/wp-content\/uploads\/2023\/05\/Entertainment-Photobooth-300x213.jpg 300w, https:\/\/workation-mallorca.es\/wp-content\/uploads\/2023\/05\/Entertainment-Photobooth-1024x727.jpg 1024w, https:\/\/workation-mallorca.es\/wp-content\/uploads\/2023\/05\/Entertainment-Photobooth-768x545.jpg 768w\" sizes=\"(max-width: 1522px) 100vw, 1522px\" title=\"\">\t\t\t\t\t\t\t\t<\/a>\n\t\t\t\t\t\t\t\t\t\t\t\t\t\t\t<\/div>\n\t\t\t\t<\/div>\n\t\t\t\t\t<\/div>\n\t\t<\/div>\n\t\t\t\t<div class=\"elementor-column elementor-col-50 elementor-top-column elementor-element elementor-element-4c17a73\" data-id=\"4c17a73\" data-element_type=\"column\" data-e-type=\"column\">\n\t\t\t<div class=\"elementor-widget-wrap elementor-element-populated\">\n\t\t\t\t\t\t<div class=\"elementor-element elementor-element-f2e27ee elementor-widget elementor-widget-heading\" data-id=\"f2e27ee\" data-element_type=\"widget\" data-e-type=\"widget\" data-widget_type=\"heading.default\">\n\t\t\t\t<div class=\"elementor-widget-container\">\n\t\t\t\t\t<h4 class=\"elementor-heading-title elementor-size-default\"><a href=\"https:\/\/workation-mallorca.es\/es\/kontakt\/\">Entretenamiento<\/a><\/h4>\t\t\t\t<\/div>\n\t\t\t\t<\/div>\n\t\t\t\t<div class=\"elementor-element elementor-element-60110fb elementor-widget elementor-widget-text-editor\" data-id=\"60110fb\" data-element_type=\"widget\" data-e-type=\"widget\" data-widget_type=\"text-editor.default\">\n\t\t\t\t<div class=\"elementor-widget-container\">\n\t\t\t\t\t\t\t\t\t<p><span style=\"font-style: inherit; font-weight: inherit; background-color: var(--ast-global-color-4);\">No s\u00f3lo quiere reservar un delicioso catering para su evento de equipo o fiesta de empresa, sino que tambi\u00e9n quiere proporcionar el entretenimiento adecuado a los participantes? Quiere que la fiesta sea un \u00e9xito total y que todo el mundo la recuerde durante mucho tiempo? Podemos organizar <\/span><span style=\"font-style: inherit; background-color: var(--ast-global-color-4);\"><b>M\u00fasicos en directo<\/b><\/span><span style=\"font-style: inherit; font-weight: inherit; background-color: var(--ast-global-color-4);\"> &amp; <\/span><span style=\"font-style: inherit; background-color: var(--ast-global-color-4);\"><b>DJ<\/b><\/span><span style=\"font-style: inherit; font-weight: inherit; background-color: var(--ast-global-color-4);\">. M\u00fasica de guitarra espa\u00f1ola o prefieres m\u00fasica pop y rock? Un VW photobus como <\/span><span style=\"font-style: inherit; background-color: var(--ast-global-color-4);\"><b>Photobooth<\/b><\/span><span style=\"font-style: inherit; font-weight: inherit; background-color: var(--ast-global-color-4);\"> para hacer fotos de recuerdo divertidas y graciosas. Qu\u00e9 tal un espect\u00e1culo? <\/span><span style=\"font-style: inherit; background-color: var(--ast-global-color-4);\"><b>C\u00f3micos<\/b><\/span><span style=\"font-style: inherit; font-weight: inherit; background-color: var(--ast-global-color-4);\">? <\/span><span style=\"font-style: inherit; background-color: var(--ast-global-color-4);\"><b>Magos<\/b><\/span><span style=\"font-style: inherit; font-weight: inherit; background-color: var(--ast-global-color-4);\">? <\/span><span style=\"font-style: inherit; background-color: var(--ast-global-color-4);\"><b>Acrobatas<\/b><\/span><span style=\"font-style: inherit; font-weight: inherit; background-color: var(--ast-global-color-4);\">?<\/span><\/p>\t\t\t\t\t\t\t\t<\/div>\n\t\t\t\t<\/div>\n\t\t\t\t\t<\/div>\n\t\t<\/div>\n\t\t\t\t\t<\/div>\n\t\t<\/section>\n\t\t\t\t<section class=\"elementor-section elementor-top-section elementor-element elementor-element-edd7672 elementor-section-content-middle elementor-reverse-mobile elementor-section-boxed elementor-section-height-default elementor-section-height-default\" data-id=\"edd7672\" data-element_type=\"section\" data-e-type=\"section\">\n\t\t\t\t\t\t<div class=\"elementor-container elementor-column-gap-no\">\n\t\t\t\t\t<div class=\"elementor-column elementor-col-50 elementor-top-column elementor-element elementor-element-5070929\" data-id=\"5070929\" data-element_type=\"column\" data-e-type=\"column\">\n\t\t\t<div class=\"elementor-widget-wrap elementor-element-populated\">\n\t\t\t\t\t\t<div class=\"elementor-element elementor-element-f446389 elementor-widget elementor-widget-heading\" data-id=\"f446389\" data-element_type=\"widget\" data-e-type=\"widget\" data-widget_type=\"heading.default\">\n\t\t\t\t<div class=\"elementor-widget-container\">\n\t\t\t\t\t<h4 class=\"elementor-heading-title elementor-size-default\"><a href=\"https:\/\/workation-mallorca.es\/es\/kontakt\/\">Fot\u00f3grafo \/ Videografo<\/a><\/h4>\t\t\t\t<\/div>\n\t\t\t\t<\/div>\n\t\t\t\t<div class=\"elementor-element elementor-element-08b62f5 elementor-widget elementor-widget-text-editor\" data-id=\"08b62f5\" data-element_type=\"widget\" data-e-type=\"widget\" data-widget_type=\"text-editor.default\">\n\t\t\t\t<div class=\"elementor-widget-container\">\n\t\t\t\t\t\t\t\t\t<p><span style=\"font-style: inherit; font-weight: inherit; background-color: var(--ast-global-color-4);\">Quere\u00eds <\/span><span style=\"font-style: inherit; background-color: var(--ast-global-color-4);\"><b>Material de video y imagen<\/b><\/span><span style=\"font-style: inherit; font-weight: inherit; background-color: var(--ast-global-color-4);\"> de vuestro evento en Mallorca? Le gustar\u00eda capturar momentos especiales en forma de <\/span><span style=\"font-style: inherit; background-color: var(--ast-global-color-4);\"><b>imagenes<\/b><\/span><span style=\"font-style: inherit; font-weight: inherit; background-color: var(--ast-global-color-4);\"> o <\/span><span style=\"font-style: inherit; background-color: var(--ast-global-color-4);\"><b>videos<\/b><\/span><span style=\"font-style: inherit; font-weight: inherit; background-color: var(--ast-global-color-4);\"> ? <\/span><span style=\"font-style: inherit; font-weight: inherit; background-color: var(--ast-global-color-4);\">Le gustar\u00eda aprovechar su estancia en Mallorca para un <\/span><span style=\"font-style: inherit; background-color: var(--ast-global-color-4);\"><b>Fotoshooting<\/b><\/span><span style=\"font-style: inherit; font-weight: inherit; background-color: var(--ast-global-color-4);\"> del equipo entero? Necesita\u00eds <\/span><span style=\"font-style: inherit; background-color: var(--ast-global-color-4);\"><b>Fotos de retrato<\/b><\/span><span style=\"font-style: inherit; font-weight: inherit; background-color: var(--ast-global-color-4);\"> o <\/span><span style=\"font-style: inherit; background-color: var(--ast-global-color-4);\"><b>Fotos de equipo<\/b><\/span><span style=\"font-style: inherit; font-weight: inherit; background-color: var(--ast-global-color-4);\"> para su sitio web o sus redes sociales? Quieres informar sobre tu fiesta de empresa en la revista de la empresa?\u00a0<\/span><span style=\"color: var( --e-global-color-text ); font-style: inherit; font-weight: inherit; background-color: var(--ast-global-color-4);\">Contratamos a un <\/span><b><span style=\"color: var( --e-global-color-text ); font-style: inherit; background-color: var(--ast-global-color-4);\">Fot\u00f3grafo<\/span><span style=\"color: var( --e-global-color-text ); font-style: inherit; background-color: var(--ast-global-color-4);\"> o <\/span><\/b><span style=\"color: var( --e-global-color-text ); font-style: inherit; background-color: var(--ast-global-color-4);\"><b>Videografo<\/b>que le acompa\u00f1ar\u00e1 durante el acto<\/span><span style=\"color: var( --e-global-color-text ); font-style: inherit; font-weight: inherit; background-color: var(--ast-global-color-4);\">.<\/span><span style=\"color: var( --e-global-color-text ); font-style: inherit; font-weight: inherit; background-color: var(--ast-global-color-4);\">\u00a0Con mucho gusto tambi\u00e9n con tomas de drones<\/span><\/p>\t\t\t\t\t\t\t\t<\/div>\n\t\t\t\t<\/div>\n\t\t\t\t\t<\/div>\n\t\t<\/div>\n\t\t\t\t<div class=\"elementor-column elementor-col-50 elementor-top-column elementor-element elementor-element-852c84f\" data-id=\"852c84f\" data-element_type=\"column\" data-e-type=\"column\">\n\t\t\t<div class=\"elementor-widget-wrap elementor-element-populated\">\n\t\t\t\t\t\t<div class=\"elementor-element elementor-element-aa74d64 elementor-widget elementor-widget-image\" data-id=\"aa74d64\" data-element_type=\"widget\" data-e-type=\"widget\" data-widget_type=\"image.default\">\n\t\t\t\t<div class=\"elementor-widget-container\">\n\t\t\t\t\t\t\t\t\t\t\t\t\t\t\t\t<a href=\"https:\/\/workation-mallorca.es\/es\/kontakt\/\">\n\t\t\t\t\t\t\t<img loading=\"lazy\" decoding=\"async\" width=\"1522\" height=\"1080\" src=\"https:\/\/workation-mallorca.es\/wp-content\/uploads\/2023\/05\/Fotograf-Videograf.jpg\" class=\"attachment-full size-full wp-image-649\" alt=\"Fotograf und Videograf f\u00fcr ein Event auf Mallorca\" srcset=\"https:\/\/workation-mallorca.es\/wp-content\/uploads\/2023\/05\/Fotograf-Videograf.jpg 1522w, https:\/\/workation-mallorca.es\/wp-content\/uploads\/2023\/05\/Fotograf-Videograf-300x213.jpg 300w, https:\/\/workation-mallorca.es\/wp-content\/uploads\/2023\/05\/Fotograf-Videograf-1024x727.jpg 1024w, https:\/\/workation-mallorca.es\/wp-content\/uploads\/2023\/05\/Fotograf-Videograf-768x545.jpg 768w\" sizes=\"(max-width: 1522px) 100vw, 1522px\" title=\"\">\t\t\t\t\t\t\t\t<\/a>\n\t\t\t\t\t\t\t\t\t\t\t\t\t\t\t<\/div>\n\t\t\t\t<\/div>\n\t\t\t\t\t<\/div>\n\t\t<\/div>\n\t\t\t\t\t<\/div>\n\t\t<\/section>\n\t\t\t\t<section class=\"elementor-section elementor-top-section elementor-element elementor-element-bc20177 elementor-section-content-middle elementor-reverse-mobile elementor-section-boxed elementor-section-height-default elementor-section-height-default\" data-id=\"bc20177\" data-element_type=\"section\" data-e-type=\"section\">\n\t\t\t\t\t\t<div class=\"elementor-container elementor-column-gap-no\">\n\t\t\t\t\t<div class=\"elementor-column elementor-col-50 elementor-top-column elementor-element elementor-element-3606dc4\" data-id=\"3606dc4\" data-element_type=\"column\" data-e-type=\"column\">\n\t\t\t<div class=\"elementor-widget-wrap elementor-element-populated\">\n\t\t\t\t\t\t<div class=\"elementor-element elementor-element-0bcc5d0 elementor-widget elementor-widget-image\" data-id=\"0bcc5d0\" data-element_type=\"widget\" data-e-type=\"widget\" data-widget_type=\"image.default\">\n\t\t\t\t<div class=\"elementor-widget-container\">\n\t\t\t\t\t\t\t\t\t\t\t\t\t\t\t\t<a href=\"https:\/\/workation-mallorca.es\/es\/kontakt\/\">\n\t\t\t\t\t\t\t<img loading=\"lazy\" decoding=\"async\" width=\"1508\" height=\"1081\" src=\"https:\/\/workation-mallorca.es\/wp-content\/uploads\/2024\/07\/Gastgeschenk-Giveaway-1.jpg\" class=\"attachment-full size-full wp-image-2636\" alt=\"Bild eines Gastgeschenks bzw. Giveaway f\u00fcr eine Gruppe w\u00e4hrend einer Team-Workation auf Mallorca f\u00fcr eine Firmenreise\" srcset=\"https:\/\/workation-mallorca.es\/wp-content\/uploads\/2024\/07\/Gastgeschenk-Giveaway-1.jpg 1508w, https:\/\/workation-mallorca.es\/wp-content\/uploads\/2024\/07\/Gastgeschenk-Giveaway-1-300x215.jpg 300w, https:\/\/workation-mallorca.es\/wp-content\/uploads\/2024\/07\/Gastgeschenk-Giveaway-1-1024x734.jpg 1024w, https:\/\/workation-mallorca.es\/wp-content\/uploads\/2024\/07\/Gastgeschenk-Giveaway-1-768x551.jpg 768w\" sizes=\"(max-width: 1508px) 100vw, 1508px\" title=\"\">\t\t\t\t\t\t\t\t<\/a>\n\t\t\t\t\t\t\t\t\t\t\t\t\t\t\t<\/div>\n\t\t\t\t<\/div>\n\t\t\t\t\t<\/div>\n\t\t<\/div>\n\t\t\t\t<div class=\"elementor-column elementor-col-50 elementor-top-column elementor-element elementor-element-af2b692\" data-id=\"af2b692\" data-element_type=\"column\" data-e-type=\"column\">\n\t\t\t<div class=\"elementor-widget-wrap elementor-element-populated\">\n\t\t\t\t\t\t<div class=\"elementor-element elementor-element-14e4b16 elementor-widget elementor-widget-heading\" data-id=\"14e4b16\" data-element_type=\"widget\" data-e-type=\"widget\" data-widget_type=\"heading.default\">\n\t\t\t\t<div class=\"elementor-widget-container\">\n\t\t\t\t\t<h4 class=\"elementor-heading-title elementor-size-default\"><a href=\"https:\/\/workation-mallorca.es\/es\/kontakt\/\">Regalos y obsequios para los invitados<\/a><\/h4>\t\t\t\t<\/div>\n\t\t\t\t<\/div>\n\t\t\t\t<div class=\"elementor-element elementor-element-54f5dbd elementor-widget elementor-widget-text-editor\" data-id=\"54f5dbd\" data-element_type=\"widget\" data-e-type=\"widget\" data-widget_type=\"text-editor.default\">\n\t\t\t\t<div class=\"elementor-widget-container\">\n\t\t\t\t\t\t\t\t\t<p><span style=\"font-style: inherit; font-weight: inherit; background-color: var(--ast-global-color-4);\">Quiere que los miembros de su equipo o los participantes en un evento se lleven a casa un recuerdo de su estancia en Mallorca? Podemos organizar regalos y obsequios para usted. \u00bfQu\u00e9 le parecen, por ejemplo, las almendras, la sal marina o el aceite de oliva t\u00edpicos de Mallorca como <\/span><span style=\"font-style: inherit; background-color: var(--ast-global-color-4);\"><b>regalo para invitados<\/b><\/span><span style=\"font-style: inherit; font-weight: inherit; background-color: var(--ast-global-color-4);\">? Tambi\u00e9n podemos producir <\/span><span style=\"font-style: inherit; background-color: var(--ast-global-color-4);\"><b>Obsequios<\/b><\/span><span style=\"font-style: inherit; font-weight: inherit; background-color: var(--ast-global-color-4);\"> con vuestro logotipo de la empresa.<\/span><\/p>\t\t\t\t\t\t\t\t<\/div>\n\t\t\t\t<\/div>\n\t\t\t\t\t<\/div>\n\t\t<\/div>\n\t\t\t\t\t<\/div>\n\t\t<\/section>\n\t\t\t\t<section class=\"elementor-section elementor-top-section elementor-element elementor-element-44c42709 elementor-section-boxed elementor-section-height-default elementor-section-height-default\" data-id=\"44c42709\" data-element_type=\"section\" data-e-type=\"section\" data-settings=\"{&quot;background_background&quot;:&quot;classic&quot;}\">\n\t\t\t\t\t\t<div class=\"elementor-container elementor-column-gap-default\">\n\t\t\t\t\t<div class=\"elementor-column elementor-col-100 elementor-top-column elementor-element elementor-element-73c63413\" data-id=\"73c63413\" data-element_type=\"column\" data-e-type=\"column\" data-settings=\"{&quot;background_background&quot;:&quot;classic&quot;}\">\n\t\t\t<div class=\"elementor-widget-wrap elementor-element-populated\">\n\t\t\t\t\t\t<div class=\"elementor-element elementor-element-2c776a64 elementor-widget elementor-widget-heading\" data-id=\"2c776a64\" data-element_type=\"widget\" data-e-type=\"widget\" data-widget_type=\"heading.default\">\n\t\t\t\t<div class=\"elementor-widget-container\">\n\t\t\t\t\t<h3 class=\"elementor-heading-title elementor-size-default\">P\u00f3ngase en contacto con nosotros para...<\/h3>\t\t\t\t<\/div>\n\t\t\t\t<\/div>\n\t\t\t\t<div class=\"elementor-element elementor-element-71af47c7 elementor-widget elementor-widget-heading\" data-id=\"71af47c7\" data-element_type=\"widget\" data-e-type=\"widget\" data-widget_type=\"heading.default\">\n\t\t\t\t<div class=\"elementor-widget-container\">\n\t\t\t\t\t<h2 class=\"elementor-heading-title elementor-size-default\">...Ideas para su evento<\/h2>\t\t\t\t<\/div>\n\t\t\t\t<\/div>\n\t\t\t\t<div class=\"elementor-element elementor-element-59d6bb65 elementor-widget elementor-widget-text-editor\" data-id=\"59d6bb65\" data-element_type=\"widget\" data-e-type=\"widget\" data-widget_type=\"text-editor.default\">\n\t\t\t\t<div class=\"elementor-widget-container\">\n\t\t\t\t\t\t\t\t\t<p>Tenemos las ideas adecuadas para excursiones, actividades y medidas de fomento del esp\u00edritu de equipo. Conocemos a los proveedores de servicios adecuados para catering, tecnolog\u00eda de eventos, traslados, decoraci\u00f3n de eventos y todo lo que necesite. Ya sea un ch\u00f3fer, un m\u00fasico, un DJ o un fot\u00f3grafo... Ll\u00e1menos o escr\u00edbanos: \u00a1le prepararemos un paquete a medida!\u00a0<\/p>\t\t\t\t\t\t\t\t<\/div>\n\t\t\t\t<\/div>\n\t\t\t\t<section class=\"elementor-section elementor-inner-section elementor-element elementor-element-bf9f43c elementor-section-boxed elementor-section-height-default elementor-section-height-default\" data-id=\"bf9f43c\" data-element_type=\"section\" data-e-type=\"section\">\n\t\t\t\t\t\t<div class=\"elementor-container elementor-column-gap-default\">\n\t\t\t\t\t<div class=\"elementor-column elementor-col-25 elementor-inner-column elementor-element elementor-element-0527f6b elementor-hidden-mobile\" data-id=\"0527f6b\" data-element_type=\"column\" data-e-type=\"column\">\n\t\t\t<div class=\"elementor-widget-wrap elementor-element-populated\">\n\t\t\t\t\t\t<div class=\"elementor-element elementor-element-68d3bd4 elementor-view-default elementor-invisible elementor-widget elementor-widget-icon\" data-id=\"68d3bd4\" data-element_type=\"widget\" data-e-type=\"widget\" data-settings=\"{&quot;_animation&quot;:&quot;flash&quot;}\" data-widget_type=\"icon.default\">\n\t\t\t\t<div class=\"elementor-widget-container\">\n\t\t\t\t\t\t\t<div class=\"elementor-icon-wrapper\">\n\t\t\t<div class=\"elementor-icon\">\n\t\t\t<i aria-hidden=\"true\" class=\"fas fa-arrow-right\"><\/i>\t\t\t<\/div>\n\t\t<\/div>\n\t\t\t\t\t\t<\/div>\n\t\t\t\t<\/div>\n\t\t\t\t\t<\/div>\n\t\t<\/div>\n\t\t\t\t<div class=\"elementor-column elementor-col-50 elementor-inner-column elementor-element elementor-element-6b4b64b\" data-id=\"6b4b64b\" data-element_type=\"column\" data-e-type=\"column\">\n\t\t\t<div class=\"elementor-widget-wrap elementor-element-populated\">\n\t\t\t\t\t\t<div class=\"elementor-element elementor-element-1e58ef6d elementor-align-center elementor-widget elementor-widget-button\" data-id=\"1e58ef6d\" data-element_type=\"widget\" data-e-type=\"widget\" data-widget_type=\"button.default\">\n\t\t\t\t<div class=\"elementor-widget-container\">\n\t\t\t\t\t\t\t\t\t<div class=\"elementor-button-wrapper\">\n\t\t\t\t\t<a class=\"elementor-button elementor-button-link elementor-size-sm elementor-animation-grow\" href=\"https:\/\/workation-mallorca.es\/es\/kontakt\/\" target=\"_blank\">\n\t\t\t\t\t\t<span class=\"elementor-button-content-wrapper\">\n\t\t\t\t\t\t\t\t\t<span class=\"elementor-button-text\">P\u00f3ngase en contacto ahora<\/span>\n\t\t\t\t\t<\/span>\n\t\t\t\t\t<\/a>\n\t\t\t\t<\/div>\n\t\t\t\t\t\t\t\t<\/div>\n\t\t\t\t<\/div>\n\t\t\t\t\t<\/div>\n\t\t<\/div>\n\t\t\t\t<div class=\"elementor-column elementor-col-25 elementor-inner-column elementor-element elementor-element-0376a53 elementor-hidden-mobile\" data-id=\"0376a53\" data-element_type=\"column\" data-e-type=\"column\">\n\t\t\t<div class=\"elementor-widget-wrap elementor-element-populated\">\n\t\t\t\t\t\t<div class=\"elementor-element elementor-element-e158a96 elementor-view-default elementor-invisible elementor-widget elementor-widget-icon\" data-id=\"e158a96\" data-element_type=\"widget\" data-e-type=\"widget\" data-settings=\"{&quot;_animation&quot;:&quot;flash&quot;}\" data-widget_type=\"icon.default\">\n\t\t\t\t<div class=\"elementor-widget-container\">\n\t\t\t\t\t\t\t<div class=\"elementor-icon-wrapper\">\n\t\t\t<div class=\"elementor-icon\">\n\t\t\t<i aria-hidden=\"true\" class=\"fas fa-arrow-left\"><\/i>\t\t\t<\/div>\n\t\t<\/div>\n\t\t\t\t\t\t<\/div>\n\t\t\t\t<\/div>\n\t\t\t\t\t<\/div>\n\t\t<\/div>\n\t\t\t\t\t<\/div>\n\t\t<\/section>\n\t\t\t\t\t<\/div>\n\t\t<\/div>\n\t\t\t\t\t<\/div>\n\t\t<\/section>\n\t\t\t\t<\/div>","protected":false},"excerpt":{"rendered":"<p>Location, Catering, Rahmenprogramm,&#8230; Rundum-Service vor Ort gew\u00fcnscht? Zu viele Details, an die du denken musst? Du m\u00f6chtest, dass am Ende alles rund l\u00e4uft? Hol&#8216; dir Unterst\u00fctzung von Eventprofis f\u00fcr die Organisation eures Events auf Mallorca! Jetzt unverbindlich beraten lassen Perfekte Serviceleistungen Welche Dienstleistungen braucht ihr f\u00fcr euer Firmenevent auf Mallorca? Unterk\u00fcnfte &amp; Locations Ihr sucht [&hellip;]<\/p>\n","protected":false},"author":1,"featured_media":0,"parent":796,"menu_order":0,"comment_status":"closed","ping_status":"closed","template":"","meta":{"site-sidebar-layout":"no-sidebar","site-content-layout":"page-builder","ast-site-content-layout":"default","site-content-style":"default","site-sidebar-style":"default","ast-global-header-display":"","ast-banner-title-visibility":"","ast-main-header-display":"","ast-hfb-above-header-display":"","ast-hfb-below-header-display":"","ast-hfb-mobile-header-display":"","site-post-title":"disabled","ast-breadcrumbs-content":"","ast-featured-img":"disabled","footer-sml-layout":"","ast-disable-related-posts":"","theme-transparent-header-meta":"","adv-header-id-meta":"","stick-header-meta":"","header-above-stick-meta":"","header-main-stick-meta":"","header-below-stick-meta":"","astra-migrate-meta-layouts":"default","ast-page-background-enabled":"default","ast-page-background-meta":{"desktop":{"background-color":"var(--ast-global-color-4)","background-image":"","background-repeat":"repeat","background-position":"center center","background-size":"auto","background-attachment":"scroll","background-type":"","background-media":"","overlay-type":"","overlay-color":"","overlay-opacity":"","overlay-gradient":""},"tablet":{"background-color":"","background-image":"","background-repeat":"repeat","background-position":"center center","background-size":"auto","background-attachment":"scroll","background-type":"","background-media":"","overlay-type":"","overlay-color":"","overlay-opacity":"","overlay-gradient":""},"mobile":{"background-color":"","background-image":"","background-repeat":"repeat","background-position":"center center","background-size":"auto","background-attachment":"scroll","background-type":"","background-media":"","overlay-type":"","overlay-color":"","overlay-opacity":"","overlay-gradient":""}},"ast-content-background-meta":{"desktop":{"background-color":"var(--ast-global-color-5)","background-image":"","background-repeat":"repeat","background-position":"center center","background-size":"auto","background-attachment":"scroll","background-type":"","background-media":"","overlay-type":"","overlay-color":"","overlay-opacity":"","overlay-gradient":""},"tablet":{"background-color":"var(--ast-global-color-5)","background-image":"","background-repeat":"repeat","background-position":"center center","background-size":"auto","background-attachment":"scroll","background-type":"","background-media":"","overlay-type":"","overlay-color":"","overlay-opacity":"","overlay-gradient":""},"mobile":{"background-color":"var(--ast-global-color-5)","background-image":"","background-repeat":"repeat","background-position":"center center","background-size":"auto","background-attachment":"scroll","background-type":"","background-media":"","overlay-type":"","overlay-color":"","overlay-opacity":"","overlay-gradient":""}},"footnotes":""},"class_list":["post-403","page","type-page","status-publish","hentry"],"_links":{"self":[{"href":"https:\/\/workation-mallorca.es\/es\/wp-json\/wp\/v2\/pages\/403","targetHints":{"allow":["GET"]}}],"collection":[{"href":"https:\/\/workation-mallorca.es\/es\/wp-json\/wp\/v2\/pages"}],"about":[{"href":"https:\/\/workation-mallorca.es\/es\/wp-json\/wp\/v2\/types\/page"}],"author":[{"embeddable":true,"href":"https:\/\/workation-mallorca.es\/es\/wp-json\/wp\/v2\/users\/1"}],"replies":[{"embeddable":true,"href":"https:\/\/workation-mallorca.es\/es\/wp-json\/wp\/v2\/comments?post=403"}],"version-history":[{"count":10,"href":"https:\/\/workation-mallorca.es\/es\/wp-json\/wp\/v2\/pages\/403\/revisions"}],"predecessor-version":[{"id":3085,"href":"https:\/\/workation-mallorca.es\/es\/wp-json\/wp\/v2\/pages\/403\/revisions\/3085"}],"up":[{"embeddable":true,"href":"https:\/\/workation-mallorca.es\/es\/wp-json\/wp\/v2\/pages\/796"}],"wp:attachment":[{"href":"https:\/\/workation-mallorca.es\/es\/wp-json\/wp\/v2\/media?parent=403"}],"curies":[{"name":"wp","href":"https:\/\/api.w.org\/{rel}","templated":true}]}}